{"id":8825,"date":"2025-04-23T11:35:47","date_gmt":"2025-04-23T09:35:47","guid":{"rendered":"https:\/\/cuadratic.es\/temporal\/e_sandravega\/?page_id=8825"},"modified":"2025-04-23T11:43:12","modified_gmt":"2025-04-23T09:43:12","slug":"competicion-de-baile-urbano","status":"publish","type":"page","link":"https:\/\/www.sandravega.es\/?page_id=8825","title":{"rendered":"Competicion de baile urbano"},"content":{"rendered":"<div class=\"wpb-content-wrapper\"><p>[vc_section][vc_row][vc_column]<div class=\"mkdf-section-title-holder   mkdf-st-reverse-order\" style=\"text-align: center\">\n\t<div class=\"mkdf-st-inner\">\n                                    <span class=\"mkdf-st-text\" >\n                Baile urbano competici\u00f3n                <\/span>\n                                \t<\/div>\n<\/div>[vc_empty_space height=\u00bb50px\u00bb][\/vc_column][\/vc_row][\/vc_section][vc_section][vc_row][vc_column][vc_column_text css=\u00bb\u00bb]<\/p>\n<figure class=\"wp-block-embed aligncenter is-type-video is-provider-youtube wp-block-embed-youtube wp-embed-aspect-16-9 wp-has-aspect-ratio\">\n<div class=\"wp-block-embed__wrapper\">\n<div class=\"fluidvids\">\n<div class=\"vc_row wpb_row vc_inner vc_row-fluid\">\n<div class=\"wpb_column vc_column_container vc_col-sm-6\">\n<div class=\"vc_column-inner\">\n<div class=\"wpb_wrapper\">\n<div class=\"wpb_video_widget wpb_content_element vc_clearfix vc_video-aspect-ratio-169 vc_video-el-width-100 vc_video-align-left\">\n<div class=\"wpb_wrapper\">\n<div class=\"wpb_video_wrapper\">\n<div class=\"fluidvids\"><iframe loading=\"lazy\" class=\"fluidvids-item\" title=\"GRUPO URBANO COMPETICI\u00d3N\" src=\"https:\/\/www.youtube.com\/embed\/kA09SbnhDio?feature=oembed\" width=\"500\" height=\"281\" frameborder=\"0\" align=\"center\" allowfullscreen=\"allowfullscreen\" data-fluidvids=\"loaded\"><\/iframe><\/div>\n<\/div>\n<\/div>\n<\/div>\n<\/div>\n<\/div>\n<\/div>\n<\/div>\n<p>&nbsp;<\/p>\n<div class=\"vc_empty_space\"><\/div>\n<div><\/div>\n<div><\/div>\n<div class=\"vc_btn3-container vc_btn3-center vc_do_btn\"><a class=\"vc_general vc_btn3 vc_btn3-size-md vc_btn3-shape-rounded vc_btn3-style-modern vc_btn3-color-purple\" title=\"formulario inscripci\u00f3n prueba comple\" href=\"https:\/\/docs.google.com\/forms\/d\/1dNyl_za9SYNizn4YlHdiv3Pn1XtM892EONdoRhIv0gY\/edit\">INSCRIPCI\u00d3N PRUEBA<\/a><\/div>\n<div class=\"wpb_text_column wpb_content_element\">\n<div class=\"wpb_wrapper\">\n<div class=\"flex flex-grow flex-col gap-3\">\n<div class=\"min-h-[20px] flex flex-col items-start gap-4 whitespace-pre-wrap\">\n<div class=\"markdown prose w-full break-words dark:prose-invert light\">\n<p>&nbsp;<\/p>\n<p>&nbsp;<\/p>\n<p>\u00a1\ud83c\udf89 \u00daNETE A NUESTROS GRUPO DE COMPETICI\u00d3N DE URBANO! \ud83c\udf89<\/p>\n<p>\u00bfTe apasiona el baile urbano? \u00a1Esta es tu oportunidad para brillar! \ud83c\udf1f<\/p>\n<p>Estamos buscando nuevos miembros para nuestro grupo de competici\u00f3n y queremos verte en acci\u00f3n. Ven y demuestra tu estilo, energ\u00eda y pasi\u00f3n en nuestra\u00a0<strong>Prueba de Acceso<\/strong>.<\/p>\n<p><strong>GRUPO INFANTIL (2013-2015)<\/strong><br \/>\n\ud83d\udcc5\u00a0<strong>Fecha:<\/strong>\u00a013 Septiembre \ud83d\udd52\u00a0<strong>Hora:<\/strong>\u00a017:00 \ud83d\udccd\u00a0<strong>Lugar:<\/strong>\u00a0Academia de baile Sandra D. Vega<\/p>\n<p>\ud83d\udd39 \u00bfQu\u00e9 necesitas?<\/p>\n<ul>\n<li>Ropa negra y c\u00f3moda para bailar<\/li>\n<li>Tu mejor actitud y ganas de darlo todo<\/li>\n<\/ul>\n<p>\ud83d\udd39 \u00bfQui\u00e9n puede participar?<\/p>\n<ul>\n<li>Todos los bailarines nacidos entre el a\u00f1o 2013 y 2015 con algo de experiencia en baile urbano<\/li>\n<li>Aquellos con ganas de aprender y mejorar<\/li>\n<\/ul>\n<p><strong>GRUPO JUNIOR (2010-2012)<\/strong><br \/>\n\ud83d\udcc5\u00a0<strong>Fecha:<\/strong>\u00a013 Septiembre \ud83d\udd52\u00a0<strong>Hora:<\/strong>\u00a017:00 \ud83d\udccd\u00a0<strong>Lugar:<\/strong>\u00a0Academia de baile Sandra D. Vega<\/p>\n<p>\ud83d\udd39 \u00bfQu\u00e9 necesitas?<\/p>\n<ul>\n<li>Ropa negra y c\u00f3moda para bailar<\/li>\n<li>Tu mejor actitud y ganas de darlo todo<\/li>\n<\/ul>\n<p>\ud83d\udd39 \u00bfQui\u00e9n puede participar?<\/p>\n<ul>\n<li>Todos los bailarines nacidos entre el a\u00f1o 2010 y 2012 con experiencia en baile urbano<\/li>\n<li>Aquellos con ganas de aprender y mejorar<\/li>\n<\/ul>\n<p><strong>GRUPO YOUTH (2007-2009)<\/strong><br \/>\n\ud83d\udcc5\u00a0<strong>Fecha:<\/strong>\u00a013 Septiembre \ud83d\udd52\u00a0<strong>Hora:<\/strong>\u00a018:30 \ud83d\udccd\u00a0<strong>Lugar:<\/strong>\u00a0Academia de baile Sandra D. Vega<\/p>\n<p>\ud83d\udd39 \u00bfQu\u00e9 necesitas?<\/p>\n<ul>\n<li>Ropa negra y c\u00f3moda para bailar<\/li>\n<li>Tu mejor actitud y ganas de darlo todo<\/li>\n<\/ul>\n<p>\ud83d\udd39 \u00bfQui\u00e9n puede participar?<\/p>\n<ul>\n<li>Todos los bailarines nacidos entre el a\u00f1o 2007 y 2009 con experiencia en baile urbano<\/li>\n<li>Aquellos con ganas de aprender y mejorar<\/li>\n<\/ul>\n<p><strong>GRUPO PREMIUM (+30 A\u00d1OS)<\/strong><br \/>\n\ud83d\udcc5\u00a0<strong>Fecha:<\/strong>\u00a013 Septiembre \ud83d\udd52\u00a0<strong>Hora:<\/strong>\u00a020:00 \ud83d\udccd\u00a0<strong>Lugar:<\/strong>\u00a0Academia de baile Sandra D. Vega<\/p>\n<p>\ud83d\udd39 \u00bfQu\u00e9 necesitas?<\/p>\n<ul>\n<li>Ropa negra y c\u00f3moda para bailar<\/li>\n<li>Tu mejor actitud y ganas de darlo todo<\/li>\n<\/ul>\n<p>\ud83d\udd39 \u00bfQui\u00e9n puede participar?<\/p>\n<ul>\n<li>Todos los bailarines con m\u00e1s de 30 a\u00f1os con algo de experiencia en baile urbano y muchas ganas de pasarlo bien<\/li>\n<li>Aquellos con ganas de aprender y mejorar<\/li>\n<\/ul>\n<p>\u00a1No te pierdas esta oportunidad de ser parte de algo incre\u00edble! \ud83d\udca5 \u00a1Ven y \u00fanete a la familia del urbano!<\/p>\n<p>\u00a1Te esperamos! \ud83d\ude4c<\/p>\n<\/div>\n<\/div>\n<\/div>\n<\/div>\n<\/div>\n<\/div>\n<\/div>\n<\/figure>\n<p>[\/vc_column_text][vc_empty_space height=\u00bb50px\u00bb]<a itemprop=\"url\" href=\"https:\/\/forms.gle\/ukQMysNwwCKoz6w18\" target=\"_blank\"  class=\"mkdf-btn mkdf-btn-medium mkdf-btn-solid\"  >\n    <span class=\"mkdf-btn-text\">MATRICULATE<\/span>\n\t<\/a>[\/vc_column][\/vc_row][\/vc_section]<\/p>\n<\/div>","protected":false},"excerpt":{"rendered":"<p>[vc_section][vc_row][vc_column][vc_empty_space height=\u00bb50px\u00bb][\/vc_column][\/vc_row][\/vc_section][vc_section][vc_row][vc_column][vc_column_text css=\u00bb\u00bb] &nbsp; INSCRIPCI\u00d3N PRUEBA &nbsp; &nbsp; \u00a1\ud83c\udf89 \u00daNETE A NUESTROS GRUPO DE COMPETICI\u00d3N DE URBANO! \ud83c\udf89 \u00bfTe apasiona el baile urbano? \u00a1Esta es tu oportunidad para brillar! \ud83c\udf1f Estamos buscando nuevos miembros para nuestro grupo de competici\u00f3n y [&hellip;]<\/p>\n","protected":false},"author":1,"featured_media":0,"parent":0,"menu_order":0,"comment_status":"closed","ping_status":"closed","template":"","meta":{"footnotes":""},"class_list":["post-8825","page","type-page","status-publish","hentry"],"_links":{"self":[{"href":"https:\/\/www.sandravega.es\/index.php?rest_route=\/wp\/v2\/pages\/8825","targetHints":{"allow":["GET"]}}],"collection":[{"href":"https:\/\/www.sandravega.es\/index.php?rest_route=\/wp\/v2\/pages"}],"about":[{"href":"https:\/\/www.sandravega.es\/index.php?rest_route=\/wp\/v2\/types\/page"}],"author":[{"embeddable":true,"href":"https:\/\/www.sandravega.es\/index.php?rest_route=\/wp\/v2\/users\/1"}],"replies":[{"embeddable":true,"href":"https:\/\/www.sandravega.es\/index.php?rest_route=%2Fwp%2Fv2%2Fcomments&post=8825"}],"version-history":[{"count":7,"href":"https:\/\/www.sandravega.es\/index.php?rest_route=\/wp\/v2\/pages\/8825\/revisions"}],"predecessor-version":[{"id":8835,"href":"https:\/\/www.sandravega.es\/index.php?rest_route=\/wp\/v2\/pages\/8825\/revisions\/8835"}],"wp:attachment":[{"href":"https:\/\/www.sandravega.es\/index.php?rest_route=%2Fwp%2Fv2%2Fmedia&parent=8825"}],"curies":[{"name":"wp","href":"https:\/\/api.w.org\/{rel}","templated":true}]}}